{"id":64,"date":"2024-04-20T08:27:44","date_gmt":"2024-04-20T08:27:44","guid":{"rendered":"https:\/\/casapastrin.ch\/cp\/?page_id=64"},"modified":"2024-05-21T18:37:24","modified_gmt":"2024-05-21T18:37:24","slug":"ausstattung","status":"publish","type":"page","link":"https:\/\/casapastrin.ch\/?page_id=64","title":{"rendered":"Ausstattung"},"content":{"rendered":"\n<figure class=\"wp-block-image size-large\"><img loading=\"lazy\" decoding=\"async\" width=\"1024\" height=\"477\" src=\"https:\/\/casapastrin.ch\/cp\/wp-content\/uploads\/2024\/04\/Ausstattung-1024x477.jpg\" alt=\"\" class=\"wp-image-90\" srcset=\"https:\/\/casapastrin.ch\/wp-content\/uploads\/2024\/04\/Ausstattung-1024x477.jpg 1024w, https:\/\/casapastrin.ch\/wp-content\/uploads\/2024\/04\/Ausstattung-300x140.jpg 300w, https:\/\/casapastrin.ch\/wp-content\/uploads\/2024\/04\/Ausstattung-768x357.jpg 768w, https:\/\/casapastrin.ch\/wp-content\/uploads\/2024\/04\/Ausstattung.jpg 1358w\" sizes=\"auto, (max-width: 1024px) 100vw, 1024px\" \/><\/figure>\n\n\n\n<p><\/p>\n\n\n\n<p>3.5-Zimmer-Wohnung 85 m2, im 2. Geschoss eines Mehrfamilienhauses mit Holzfassade, zur\u00fcckversetzt von der Promenada und architektonisch eingebettet in den alten Dorfkern mit seinen typischen urt\u00fcmlichen Bauten. Das Haus wurde 2010 mit viel Liebe zum Detail realisiert und hat mit dem Balkon eine S\u00fcdausrichtung.<\/p>\n\n\n\n<p>Das Entr\u00e9e empf\u00e4ngt mit einer praktischen, integrierten Garderobe, welche gleichzeitig als Stauraum und Raumtrenner fungiert.<\/p>\n\n\n\n<p>Von hier aus erschliessen sich die R\u00e4ume, so auch die helle K\u00fcche in schlichtem, offenem Design, grossem Tisch sowie mit hochwertigen Ger\u00e4ten: ein Backofen, Steamer, Geschirrsp\u00fcler, Glaskeramikherd, Toaster, Wasserkocher, Tiefk\u00fchler, eine elektrische Kaffeemaschine (Nespresso-Kapseln), sind vorhanden. Zudem ist die Wohnung mit Fondue Caquelon und Raclette\/Tischgrill ausgestattet, wie auch mit einem Elektrogrill auf dem Balkon.<\/p>\n\n\n\n<p>Das Wohnzimmer ist aufgrund der grossen Fensterfront sehr hell und bietet wie der Balkon die Aussicht auf Berge, Landschaft und Ort und ist mit einem Eck-Sofa und Flachbildschirm (TV 300 Kan\u00e4le, Netflix, Youtube) ausgestattet.<\/p>\n\n\n\n<p>Auf dem sonnenverw\u00f6hnten Balkon erwartet Sie eine Aussicht von der Signina Gruppe \u00fcber das Dorf bis zum Crap Sogn Gion. Dies l\u00e4dt auf dem Sofa zum Chillen, zum Sonnenbad oder einem gem\u00fctlichen Kaffee ein. <\/p>\n\n\n\n<p>Die Schlafzimmer haben eine angenehme Gr\u00f6sse und sind beide je mit einem Kleiderschank ausgestattet. Ausblick haben Sie hier auf den Flimserstein und Foppa. Schlafzimmer 1: mit Doppelbett (160 cm, L\u00e4nge 200 cm). Schlafzimmer 2: mit zwei Einzelbetten (je 90cm breit, L\u00e4nge 200 cm). Diese k\u00f6nnen auch zusammengeschoben werden.<\/p>\n\n\n\n<p>Das Badezimmer ist zwischen den zwei Schlafzimmern platziert und ist mit Dusche, Lavabo und WC ausgestattet inkl. Frottetuch-Trockner und F\u00f6n. Ausblick haben sie auf den Flimserstein.<\/p>\n\n\n\n<p><\/p>\n","protected":false},"excerpt":{"rendered":"<p>3.5-Zimmer-Wohnung 85 m2, im 2. Geschoss eines Mehrfamilienhauses mit Holzfassade, zur\u00fcckversetzt von der Promenada und architektonisch eingebettet in den alten Dorfkern mit seinen typischen urt\u00fcmlichen Bauten. Das Haus wurde 2010 mit viel Liebe zum Detail realisiert und hat mit dem Balkon eine S\u00fcdausrichtung. Das Entr\u00e9e empf\u00e4ngt mit einer praktischen, integrierten Garderobe, welche gleichzeitig als Stauraum und Raumtrenner fungiert. Von hier aus erschliessen sich die R\u00e4ume, so auch die helle K\u00fcche in schlichtem, offenem Design, grossem Tisch sowie mit hochwertigen Ger\u00e4ten: ein Backofen, Steamer, Geschirrsp\u00fcler, Glaskeramikherd, Toaster, Wasserkocher, Tiefk\u00fchler, eine elektrische Kaffeemaschine (Nespresso-Kapseln), sind vorhanden. Zudem ist die Wohnung mit Fondue&#8230; <\/p>\n","protected":false},"author":1,"featured_media":117,"parent":0,"menu_order":0,"comment_status":"closed","ping_status":"closed","template":"template-full-width.php","meta":{"footnotes":""},"class_list":["post-64","page","type-page","status-publish","has-post-thumbnail","hentry"],"yoast_head":"<!-- This site is optimized with the Yoast SEO plugin v26.9 - https:\/\/yoast.com\/product\/yoast-seo-wordpress\/ -->\n<title>Ausstattung - Casa Pastrin<\/title>\n<meta name=\"robots\" content=\"index, follow, max-snippet:-1, max-image-preview:large, max-video-preview:-1\" \/>\n<link rel=\"canonical\" href=\"https:\/\/casapastrin.ch\/?page_id=64\" \/>\n<meta property=\"og:locale\" content=\"de_DE\" \/>\n<meta property=\"og:type\" content=\"article\" \/>\n<meta property=\"og:title\" content=\"Ausstattung - Casa Pastrin\" \/>\n<meta property=\"og:description\" content=\"3.5-Zimmer-Wohnung 85 m2, im 2. Geschoss eines Mehrfamilienhauses mit Holzfassade, zur\u00fcckversetzt von der Promenada und architektonisch eingebettet in den alten Dorfkern mit seinen typischen urt\u00fcmlichen Bauten. Das Haus wurde 2010 mit viel Liebe zum Detail realisiert und hat mit dem Balkon eine S\u00fcdausrichtung. Das Entr\u00e9e empf\u00e4ngt mit einer praktischen, integrierten Garderobe, welche gleichzeitig als Stauraum und Raumtrenner fungiert. Von hier aus erschliessen sich die R\u00e4ume, so auch die helle K\u00fcche in schlichtem, offenem Design, grossem Tisch sowie mit hochwertigen Ger\u00e4ten: ein Backofen, Steamer, Geschirrsp\u00fcler, Glaskeramikherd, Toaster, Wasserkocher, Tiefk\u00fchler, eine elektrische Kaffeemaschine (Nespresso-Kapseln), sind vorhanden. Zudem ist die Wohnung mit Fondue...\" \/>\n<meta property=\"og:url\" content=\"https:\/\/casapastrin.ch\/?page_id=64\" \/>\n<meta property=\"og:site_name\" content=\"Casa Pastrin\" \/>\n<meta property=\"article:modified_time\" content=\"2024-05-21T18:37:24+00:00\" \/>\n<meta property=\"og:image\" content=\"https:\/\/casapastrin.ch\/wp-content\/uploads\/2024\/04\/Kueche-e1713709406285.jpg\" \/>\n\t<meta property=\"og:image:width\" content=\"580\" \/>\n\t<meta property=\"og:image:height\" content=\"182\" \/>\n\t<meta property=\"og:image:type\" content=\"image\/jpeg\" \/>\n<meta name=\"twitter:card\" content=\"summary_large_image\" \/>\n<meta name=\"twitter:label1\" content=\"Gesch\u00e4tzte Lesezeit\" \/>\n\t<meta name=\"twitter:data1\" content=\"2\u00a0Minuten\" \/>\n<script type=\"application\/ld+json\" class=\"yoast-schema-graph\">{\"@context\":\"https:\/\/schema.org\",\"@graph\":[{\"@type\":\"WebPage\",\"@id\":\"https:\/\/casapastrin.ch\/?page_id=64\",\"url\":\"https:\/\/casapastrin.ch\/?page_id=64\",\"name\":\"Ausstattung - Casa Pastrin\",\"isPartOf\":{\"@id\":\"https:\/\/casapastrin.ch\/#website\"},\"primaryImageOfPage\":{\"@id\":\"https:\/\/casapastrin.ch\/?page_id=64#primaryimage\"},\"image\":{\"@id\":\"https:\/\/casapastrin.ch\/?page_id=64#primaryimage\"},\"thumbnailUrl\":\"https:\/\/casapastrin.ch\/wp-content\/uploads\/2024\/04\/Kueche-e1713709406285.jpg\",\"datePublished\":\"2024-04-20T08:27:44+00:00\",\"dateModified\":\"2024-05-21T18:37:24+00:00\",\"breadcrumb\":{\"@id\":\"https:\/\/casapastrin.ch\/?page_id=64#breadcrumb\"},\"inLanguage\":\"de\",\"potentialAction\":[{\"@type\":\"ReadAction\",\"target\":[\"https:\/\/casapastrin.ch\/?page_id=64\"]}]},{\"@type\":\"ImageObject\",\"inLanguage\":\"de\",\"@id\":\"https:\/\/casapastrin.ch\/?page_id=64#primaryimage\",\"url\":\"https:\/\/casapastrin.ch\/wp-content\/uploads\/2024\/04\/Kueche-e1713709406285.jpg\",\"contentUrl\":\"https:\/\/casapastrin.ch\/wp-content\/uploads\/2024\/04\/Kueche-e1713709406285.jpg\",\"width\":580,\"height\":182},{\"@type\":\"BreadcrumbList\",\"@id\":\"https:\/\/casapastrin.ch\/?page_id=64#breadcrumb\",\"itemListElement\":[{\"@type\":\"ListItem\",\"position\":1,\"name\":\"Startseite\",\"item\":\"https:\/\/casapastrin.ch\/\"},{\"@type\":\"ListItem\",\"position\":2,\"name\":\"Ausstattung\"}]},{\"@type\":\"WebSite\",\"@id\":\"https:\/\/casapastrin.ch\/#website\",\"url\":\"https:\/\/casapastrin.ch\/\",\"name\":\"Casa Pastrin\",\"description\":\"3\u00bd-Zimmer Ferienwohnung in Flims\",\"publisher\":{\"@id\":\"https:\/\/casapastrin.ch\/#organization\"},\"potentialAction\":[{\"@type\":\"SearchAction\",\"target\":{\"@type\":\"EntryPoint\",\"urlTemplate\":\"https:\/\/casapastrin.ch\/?s={search_term_string}\"},\"query-input\":{\"@type\":\"PropertyValueSpecification\",\"valueRequired\":true,\"valueName\":\"search_term_string\"}}],\"inLanguage\":\"de\"},{\"@type\":\"Organization\",\"@id\":\"https:\/\/casapastrin.ch\/#organization\",\"name\":\"Casa Pastrin\",\"url\":\"https:\/\/casapastrin.ch\/\",\"logo\":{\"@type\":\"ImageObject\",\"inLanguage\":\"de\",\"@id\":\"https:\/\/casapastrin.ch\/#\/schema\/logo\/image\/\",\"url\":\"https:\/\/casapastrin.ch\/wp-content\/uploads\/2024\/05\/CasaPastrinLogo-1.jpg\",\"contentUrl\":\"https:\/\/casapastrin.ch\/wp-content\/uploads\/2024\/05\/CasaPastrinLogo-1.jpg\",\"width\":484,\"height\":136,\"caption\":\"Casa Pastrin\"},\"image\":{\"@id\":\"https:\/\/casapastrin.ch\/#\/schema\/logo\/image\/\"}}]}<\/script>\n<!-- \/ Yoast SEO plugin. -->","yoast_head_json":{"title":"Ausstattung - Casa Pastrin","robots":{"index":"index","follow":"follow","max-snippet":"max-snippet:-1","max-image-preview":"max-image-preview:large","max-video-preview":"max-video-preview:-1"},"canonical":"https:\/\/casapastrin.ch\/?page_id=64","og_locale":"de_DE","og_type":"article","og_title":"Ausstattung - Casa Pastrin","og_description":"3.5-Zimmer-Wohnung 85 m2, im 2. Geschoss eines Mehrfamilienhauses mit Holzfassade, zur\u00fcckversetzt von der Promenada und architektonisch eingebettet in den alten Dorfkern mit seinen typischen urt\u00fcmlichen Bauten. Das Haus wurde 2010 mit viel Liebe zum Detail realisiert und hat mit dem Balkon eine S\u00fcdausrichtung. Das Entr\u00e9e empf\u00e4ngt mit einer praktischen, integrierten Garderobe, welche gleichzeitig als Stauraum und Raumtrenner fungiert. Von hier aus erschliessen sich die R\u00e4ume, so auch die helle K\u00fcche in schlichtem, offenem Design, grossem Tisch sowie mit hochwertigen Ger\u00e4ten: ein Backofen, Steamer, Geschirrsp\u00fcler, Glaskeramikherd, Toaster, Wasserkocher, Tiefk\u00fchler, eine elektrische Kaffeemaschine (Nespresso-Kapseln), sind vorhanden. Zudem ist die Wohnung mit Fondue...","og_url":"https:\/\/casapastrin.ch\/?page_id=64","og_site_name":"Casa Pastrin","article_modified_time":"2024-05-21T18:37:24+00:00","og_image":[{"width":580,"height":182,"url":"https:\/\/casapastrin.ch\/wp-content\/uploads\/2024\/04\/Kueche-e1713709406285.jpg","type":"image\/jpeg"}],"twitter_card":"summary_large_image","twitter_misc":{"Gesch\u00e4tzte Lesezeit":"2\u00a0Minuten"},"schema":{"@context":"https:\/\/schema.org","@graph":[{"@type":"WebPage","@id":"https:\/\/casapastrin.ch\/?page_id=64","url":"https:\/\/casapastrin.ch\/?page_id=64","name":"Ausstattung - Casa Pastrin","isPartOf":{"@id":"https:\/\/casapastrin.ch\/#website"},"primaryImageOfPage":{"@id":"https:\/\/casapastrin.ch\/?page_id=64#primaryimage"},"image":{"@id":"https:\/\/casapastrin.ch\/?page_id=64#primaryimage"},"thumbnailUrl":"https:\/\/casapastrin.ch\/wp-content\/uploads\/2024\/04\/Kueche-e1713709406285.jpg","datePublished":"2024-04-20T08:27:44+00:00","dateModified":"2024-05-21T18:37:24+00:00","breadcrumb":{"@id":"https:\/\/casapastrin.ch\/?page_id=64#breadcrumb"},"inLanguage":"de","potentialAction":[{"@type":"ReadAction","target":["https:\/\/casapastrin.ch\/?page_id=64"]}]},{"@type":"ImageObject","inLanguage":"de","@id":"https:\/\/casapastrin.ch\/?page_id=64#primaryimage","url":"https:\/\/casapastrin.ch\/wp-content\/uploads\/2024\/04\/Kueche-e1713709406285.jpg","contentUrl":"https:\/\/casapastrin.ch\/wp-content\/uploads\/2024\/04\/Kueche-e1713709406285.jpg","width":580,"height":182},{"@type":"BreadcrumbList","@id":"https:\/\/casapastrin.ch\/?page_id=64#breadcrumb","itemListElement":[{"@type":"ListItem","position":1,"name":"Startseite","item":"https:\/\/casapastrin.ch\/"},{"@type":"ListItem","position":2,"name":"Ausstattung"}]},{"@type":"WebSite","@id":"https:\/\/casapastrin.ch\/#website","url":"https:\/\/casapastrin.ch\/","name":"Casa Pastrin","description":"3\u00bd-Zimmer Ferienwohnung in Flims","publisher":{"@id":"https:\/\/casapastrin.ch\/#organization"},"potentialAction":[{"@type":"SearchAction","target":{"@type":"EntryPoint","urlTemplate":"https:\/\/casapastrin.ch\/?s={search_term_string}"},"query-input":{"@type":"PropertyValueSpecification","valueRequired":true,"valueName":"search_term_string"}}],"inLanguage":"de"},{"@type":"Organization","@id":"https:\/\/casapastrin.ch\/#organization","name":"Casa Pastrin","url":"https:\/\/casapastrin.ch\/","logo":{"@type":"ImageObject","inLanguage":"de","@id":"https:\/\/casapastrin.ch\/#\/schema\/logo\/image\/","url":"https:\/\/casapastrin.ch\/wp-content\/uploads\/2024\/05\/CasaPastrinLogo-1.jpg","contentUrl":"https:\/\/casapastrin.ch\/wp-content\/uploads\/2024\/05\/CasaPastrinLogo-1.jpg","width":484,"height":136,"caption":"Casa Pastrin"},"image":{"@id":"https:\/\/casapastrin.ch\/#\/schema\/logo\/image\/"}}]}},"_links":{"self":[{"href":"https:\/\/casapastrin.ch\/index.php?rest_route=\/wp\/v2\/pages\/64","targetHints":{"allow":["GET"]}}],"collection":[{"href":"https:\/\/casapastrin.ch\/index.php?rest_route=\/wp\/v2\/pages"}],"about":[{"href":"https:\/\/casapastrin.ch\/index.php?rest_route=\/wp\/v2\/types\/page"}],"author":[{"embeddable":true,"href":"https:\/\/casapastrin.ch\/index.php?rest_route=\/wp\/v2\/users\/1"}],"replies":[{"embeddable":true,"href":"https:\/\/casapastrin.ch\/index.php?rest_route=%2Fwp%2Fv2%2Fcomments&post=64"}],"version-history":[{"count":13,"href":"https:\/\/casapastrin.ch\/index.php?rest_route=\/wp\/v2\/pages\/64\/revisions"}],"predecessor-version":[{"id":213,"href":"https:\/\/casapastrin.ch\/index.php?rest_route=\/wp\/v2\/pages\/64\/revisions\/213"}],"wp:featuredmedia":[{"embeddable":true,"href":"https:\/\/casapastrin.ch\/index.php?rest_route=\/wp\/v2\/media\/117"}],"wp:attachment":[{"href":"https:\/\/casapastrin.ch\/index.php?rest_route=%2Fwp%2Fv2%2Fmedia&parent=64"}],"curies":[{"name":"wp","href":"https:\/\/api.w.org\/{rel}","templated":true}]}}